{"id":11413,"date":"2021-08-20T09:48:27","date_gmt":"2021-08-20T13:48:27","guid":{"rendered":"https:\/\/artisticswimming.ca\/equipes-nationales\/tokyo-olympics-in-review\/"},"modified":"2021-08-23T14:02:50","modified_gmt":"2021-08-23T18:02:50","slug":"tokyo-olympics-in-review","status":"publish","type":"page","link":"https:\/\/artisticswimming.ca\/fr\/equipes-nationales\/tokyo-olympics-in-review\/","title":{"rendered":"TOKYO 2020 EN BREF"},"content":{"rendered":"<div class=\"fusion-fullwidth fullwidth-box fusion-builder-row-1 nonhundred-percent-fullwidth non-hundred-percent-height-scrolling\" style=\"--awb-border-radius-top-left:0px;--awb-border-radius-top-right:0px;--awb-border-radius-bottom-right:0px;--awb-border-radius-bottom-left:0px;--awb-flex-wrap:wrap;\" ><div class=\"fusion-builder-row fusion-row\"><div class=\"fusion-layout-column fusion_builder_column fusion-builder-column-0 fusion_builder_column_1_1 1_1 fusion-one-full fusion-column-first fusion-column-last\" style=\"--awb-bg-size:cover;\"><div class=\"fusion-column-wrapper fusion-column-has-shadow fusion-flex-column-wrapper-legacy\">\n\t\t\t\t<p class=\"rs-p-wp-fix\"><\/p>\n\t\t\t\t<sr7-module data-alias=\"julie-sauve-slider-1\" data-id=\"21\" id=\"SR7_21_1\" data-version=\"6.7.51\">\n\t\t\t\t\t<sr7-adjuster><\/sr7-adjuster>\n\t\t\t\t\t<sr7-content>\n\t\t\t\t\t\t<sr7-slide id=\"SR7_21_1-55\" data-key=\"55\">\n\t\t\t\t\t\t\t<sr7-bg id=\"SR7_21_1-55-slidebg\" class=\"sr7-layer\"><noscript><img decoding=\"async\" src=\"https:\/\/artisticswimming.ca\/wp-content\/uploads\/2021\/08\/Tech-Team-1.jpg\" alt=\"\" title=\"Tech Team 1\"><\/noscript><\/sr7-bg>\n\t\t\t\t\t\t<\/sr7-slide>\n\t\t\t\t\t\t<sr7-slide id=\"SR7_21_1-54\" data-key=\"54\">\n\t\t\t\t\t\t\t<sr7-bg id=\"SR7_21_1-54-slidebg\" class=\"sr7-layer\"><noscript><img decoding=\"async\" src=\"https:\/\/artisticswimming.ca\/wp-content\/uploads\/2021\/08\/Tech-Team-2.jpg\" alt=\"\" title=\"Tech Team 2\"><\/noscript><\/sr7-bg>\n\t\t\t\t\t\t<\/sr7-slide>\n\t\t\t\t\t\t<sr7-slide id=\"SR7_21_1-56\" data-key=\"56\">\n\t\t\t\t\t\t\t<sr7-bg id=\"SR7_21_1-56-slidebg\" class=\"sr7-layer\"><noscript><img decoding=\"async\" src=\"https:\/\/artisticswimming.ca\/wp-content\/uploads\/2021\/08\/Tech-Team-3.jpg\" alt=\"\" title=\"Tech Team 3\"><\/noscript><\/sr7-bg>\n\t\t\t\t\t\t<\/sr7-slide>\n\t\t\t\t\t\t<sr7-slide id=\"SR7_21_1-57\" data-key=\"57\">\n\t\t\t\t\t\t\t<sr7-bg id=\"SR7_21_1-57-slidebg\" class=\"sr7-layer\"><noscript><img decoding=\"async\" src=\"https:\/\/artisticswimming.ca\/wp-content\/uploads\/2021\/08\/Tech-Team-4.jpg\" alt=\"\" title=\"Tech Team 4\"><\/noscript><\/sr7-bg>\n\t\t\t\t\t\t<\/sr7-slide>\n\t\t\t\t\t\t<sr7-slide id=\"SR7_21_1-58\" data-key=\"58\">\n\t\t\t\t\t\t\t<sr7-bg id=\"SR7_21_1-58-slidebg\" class=\"sr7-layer\"><noscript><img decoding=\"async\" src=\"https:\/\/artisticswimming.ca\/wp-content\/uploads\/2021\/08\/Tech-Team-5.jpg\" alt=\"\" title=\"Tech Team 5\"><\/noscript><\/sr7-bg>\n\t\t\t\t\t\t<\/sr7-slide>\n\t\t\t\t\t\t<sr7-slide id=\"SR7_21_1-59\" data-key=\"59\">\n\t\t\t\t\t\t\t<sr7-bg id=\"SR7_21_1-59-slidebg\" class=\"sr7-layer\"><noscript><img decoding=\"async\" src=\"https:\/\/artisticswimming.ca\/wp-content\/uploads\/2021\/08\/Tech-Team-6.jpg\" alt=\"\" title=\"Tech Team 6\"><\/noscript><\/sr7-bg>\n\t\t\t\t\t\t<\/sr7-slide>\n\t\t\t\t\t\t<sr7-slide id=\"SR7_21_1-53\" data-key=\"53\">\n\t\t\t\t\t\t\t<sr7-bg id=\"SR7_21_1-53-slidebg\" class=\"sr7-layer\"><noscript><img decoding=\"async\" src=\"https:\/\/artisticswimming.ca\/wp-content\/uploads\/2021\/08\/2020-Olympics-Day5.jpg\" alt=\"\" title=\"2020 Olympics Day5\"><\/noscript><\/sr7-bg>\n\t\t\t\t\t\t<\/sr7-slide>\n\t\t\t\t\t\t<sr7-slide id=\"SR7_21_1-60\" data-key=\"60\">\n\t\t\t\t\t\t\t<sr7-bg id=\"SR7_21_1-60-slidebg\" class=\"sr7-layer\"><noscript><img decoding=\"async\" src=\"https:\/\/artisticswimming.ca\/wp-content\/uploads\/2021\/08\/2020-Olympics-Day1.jpg\" alt=\"\" title=\"2020 Olympics Day1\"><\/noscript><\/sr7-bg>\n\t\t\t\t\t\t<\/sr7-slide>\n\t\t\t\t\t\t<sr7-slide id=\"SR7_21_1-61\" data-key=\"61\">\n\t\t\t\t\t\t\t<sr7-bg id=\"SR7_21_1-61-slidebg\" class=\"sr7-layer\"><noscript><img decoding=\"async\" src=\"https:\/\/artisticswimming.ca\/wp-content\/uploads\/2021\/08\/2020-Olympics-Day3.jpg\" alt=\"\" title=\"2020 Olympics Day3\"><\/noscript><\/sr7-bg>\n\t\t\t\t\t\t<\/sr7-slide>\n\t\t\t\t\t\t<sr7-slide id=\"SR7_21_1-62\" data-key=\"62\">\n\t\t\t\t\t\t\t<sr7-bg id=\"SR7_21_1-62-slidebg\" class=\"sr7-layer\"><noscript><img decoding=\"async\" src=\"https:\/\/artisticswimming.ca\/wp-content\/uploads\/2021\/08\/2020-Olympics-Day2.jpg\" alt=\"\" title=\"2020 Olympics Day2\"><\/noscript><\/sr7-bg>\n\t\t\t\t\t\t<\/sr7-slide>\n\t\t\t\t\t\t<sr7-slide id=\"SR7_21_1-63\" data-key=\"63\">\n\t\t\t\t\t\t\t<sr7-bg id=\"SR7_21_1-63-slidebg\" class=\"sr7-layer\"><noscript><img decoding=\"async\" src=\"https:\/\/artisticswimming.ca\/wp-content\/uploads\/2021\/08\/2020-Olympics-Team-Preview.jpg\" alt=\"\" title=\"2020 Olympics Team Preview\"><\/noscript><\/sr7-bg>\n\t\t\t\t\t\t<\/sr7-slide>\n\t\t\t\t\t\t<sr7-slide id=\"SR7_21_1-88\" data-key=\"88\">\n\t\t\t\t\t\t<\/sr7-slide>\n\t\t\t\t\t<\/sr7-content>\n\t\t\t\t<\/sr7-module>\n\t\t\t\t<script>\n\t\t\t\t\twindow.SR7 ??={};SR7.PMH ??={}; SR7.PMH[\"SR7_21_1\"] = {cn:100,state:false,fn: function() { if (window._tpt!==undefined && window._tpt.prepareModuleHeight !== undefined) {  _tpt.prepareModuleHeight({id:\"SR7_21_1\",el:[813],type:'standard',shdw:'0',gh:[813],gw:[1500],vpt:['-200px'],size:{fullWidth:false, fullHeight:false},mh:'0',onh:0,onw:0,bg:{color:'transparent'}});   SR7.PMH[\"SR7_21_1\"].state=true;} else if(SR7.PMH[\"SR7_21_1\"].cn-->0)\tsetTimeout( SR7.PMH[\"SR7_21_1\"].fn,19);}};SR7.PMH[\"SR7_21_1\" ].fn();\n\t\t\t\t<\/script>\n<div class=\"fusion-text fusion-text-1\"><p style=\"text-align: center;\"><i class=\"fas fa-camera-retro\"><\/i>\u00a0:\u00a0<em>Ian MacNicol<\/em><\/p>\n<\/div><div class=\"fusion-sep-clear\"><\/div><div class=\"fusion-separator fusion-full-width-sep\" style=\"margin-left: auto;margin-right: auto;margin-top:20px;width:100%;\"><\/div><div class=\"fusion-sep-clear\"><\/div><div class=\"fusion-blog-shortcode fusion-blog-shortcode-1 fusion-blog-archive fusion-blog-layout-grid-wrapper fusion-blog-pagination\"><style type=\"text\/css\">.fusion-blog-shortcode-1 .fusion-blog-layout-grid .fusion-post-grid{padding:20px;}.fusion-blog-shortcode-1 .fusion-posts-container{margin-left: -20px !important; margin-right:-20px !important;}<\/style><div class=\"fusion-posts-container fusion-posts-container-pagination fusion-blog-rollover fusion-blog-layout-grid fusion-blog-layout-grid-3 isotope fusion-blog-equal-heights\" data-pages=\"1\" data-grid-col-space=\"40\" style=\"margin: -20px -20px 0;min-height:500px;\"><article id=\"blog-1-post-11239\" class=\"fusion-post-grid post-11239 post type-post status-publish format-standard has-post-thumbnail hentry category-competition-fr category-equipe-nationale-senior category-olympiques-fr category-page-daccueil category-tokyo-2020-fr\">\n<div class=\"fusion-post-wrapper\" style=\"background-color:rgba(255,255,255,0);border:1px solid #ebeaea;border-bottom-width:3px;\">\n\n\t\t\t<div class=\"fusion-flexslider flexslider fusion-flexslider-loading fusion-post-slideshow\" style=\"border-color:#ebeaea;\">\n\t\t<ul class=\"slides\">\n\t\t\t\n\t\t\t\t\t\t\t\t\t\t\t\t\t\t<li><div  class=\"fusion-image-wrapper\" aria-haspopup=\"true\">\n\t\t\t\t<img decoding=\"async\" width=\"1500\" height=\"813\" src=\"https:\/\/artisticswimming.ca\/wp-content\/uploads\/2021\/08\/2020-Olympics-Day5.jpg\" class=\"attachment-full size-full wp-post-image\" alt=\"\" srcset=\"https:\/\/artisticswimming.ca\/wp-content\/uploads\/2021\/08\/2020-Olympics-Day5-200x108.jpg 200w, https:\/\/artisticswimming.ca\/wp-content\/uploads\/2021\/08\/2020-Olympics-Day5-400x217.jpg 400w, https:\/\/artisticswimming.ca\/wp-content\/uploads\/2021\/08\/2020-Olympics-Day5-600x325.jpg 600w, https:\/\/artisticswimming.ca\/wp-content\/uploads\/2021\/08\/2020-Olympics-Day5-800x434.jpg 800w, https:\/\/artisticswimming.ca\/wp-content\/uploads\/2021\/08\/2020-Olympics-Day5-1200x650.jpg 1200w, https:\/\/artisticswimming.ca\/wp-content\/uploads\/2021\/08\/2020-Olympics-Day5.jpg 1500w\" sizes=\"(min-width: 2200px) 100vw, (min-width: 1044px) 373px, (min-width: 972px) 560px, (min-width: 900px) 972px, \" \/><div class=\"fusion-rollover\">\n\t<div class=\"fusion-rollover-content\">\n\n\t\t\t\t\n\t\t\n\t\t\t\t\t\t\t\t\t\t\t\t<h4 class=\"fusion-rollover-title\">\n\t\t\t\t\t<a class=\"fusion-rollover-title-link\" href=\"https:\/\/artisticswimming.ca\/fr\/team-canada-take-6th-place-in-artistic-swimming-team-final\/\">\n\t\t\t\t\t\tLe Canada m\u00e9rite la 6e position dans la finale par \u00e9quipe aux Olympiques de Tokyo\t\t\t\t\t<\/a>\n\t\t\t\t<\/h4>\n\t\t\t\n\t\t\t\t\t\t\t\t\n\t\t\n\t\t\t\t\t\t<a class=\"fusion-link-wrapper\" href=\"https:\/\/artisticswimming.ca\/fr\/team-canada-take-6th-place-in-artistic-swimming-team-final\/\" aria-label=\"Le Canada m\u00e9rite la 6e position dans la finale par \u00e9quipe aux Olympiques de Tokyo\"><\/a>\n\t<\/div>\n<\/div>\n<\/div>\n<\/li>\n\t\t\t\n\t\t\t\n\t\t\t\t\t\t\t\t\t\t\t\t\t\t\t\t\t\t\t\t\t\t\t\t\t\t\t\t\t\t\t\t\t\t\t\t\t\t\t\t\t\t\t\t\t\t\t\t\t\t\t\t\t\t\t\t\t\t\t\t\t\t\t\t\t\t\t\t\t\t\t\t\t\t\t\t\t\t\t\t\t\t\t\t\t\t\t\t\t\t\t\t\t\t\t\t\t\t\t\t\t\t\t\t\t\t\t\t\t\t\t\t\t\t\t\t\t\t\t\t\t\t\t\t\t\t\t\t\t\t\t\t\t\t\t\t\t\t\t\t\t\t\t<\/ul>\n\t<\/div>\n\t<div class=\"fusion-post-content-wrapper\" style=\"padding:30px 25px 20px 25px;\"><div class=\"fusion-post-content post-content\"><h2 class=\"blog-shortcode-post-title entry-title\"><a href=\"https:\/\/artisticswimming.ca\/fr\/team-canada-take-6th-place-in-artistic-swimming-team-final\/\">Le Canada m\u00e9rite la 6e position dans la finale par \u00e9quipe aux Olympiques de Tokyo<\/a><\/h2><p class=\"fusion-single-line-meta\"><span class=\"vcard\" style=\"display: none;\"><span class=\"fn\"><a href=\"https:\/\/artisticswimming.ca\/fr\/author\/synchro\/\" title=\"Articles par synchro\" rel=\"author\">synchro<\/a><\/span><\/span><span class=\"updated\" style=\"display:none;\">2021-08-23T15:16:09-04:00<\/span><span>ao\u00fbt 7th, 2021<\/span><span class=\"fusion-inline-sep\">|<\/span><\/p><div class=\"fusion-content-sep sep-double sep-solid\"><\/div><div class=\"fusion-post-content-container\"><p>Il s\u2019agit d\u2019un autre record personnel pour les nageuses artistiques canadiennes, qui ont obtenu presque deux points de plus que jamais pour leur routine libre dynamique aux Jeux olympiques de Tokyo 2020.Comme le d\u00e9crit la co-capitaine <strong>Claudia Holzner<\/strong>, \u00ab\u00a0Nous avons tout fait. Nous avons tout laiss\u00e9 dans la piscine. Il<a href=\"https:\/\/artisticswimming.ca\/fr\/team-canada-take-6th-place-in-artistic-swimming-team-final\/\"> [\u2026]<\/a><\/p>\n<\/div><\/div><\/div><div class=\"fusion-clearfix\"><\/div><\/div>\n<\/article>\n<article id=\"blog-1-post-11247\" class=\"fusion-post-grid post-11247 post type-post status-publish format-standard has-post-thumbnail hentry category-competition-fr category-equipe-nationale-senior category-olympiques-fr category-page-daccueil category-tokyo-2020-fr\">\n<div class=\"fusion-post-wrapper\" style=\"background-color:rgba(255,255,255,0);border:1px solid #ebeaea;border-bottom-width:3px;\">\n\n\t\t\t<div class=\"fusion-flexslider flexslider fusion-flexslider-loading fusion-post-slideshow\" style=\"border-color:#ebeaea;\">\n\t\t<ul class=\"slides\">\n\t\t\t\n\t\t\t\t\t\t\t\t\t\t\t\t\t\t<li><div  class=\"fusion-image-wrapper\" aria-haspopup=\"true\">\n\t\t\t\t<img decoding=\"async\" width=\"1500\" height=\"813\" src=\"https:\/\/artisticswimming.ca\/wp-content\/uploads\/2021\/08\/2020-Olympics-Day4.jpg\" class=\"attachment-full size-full wp-post-image\" alt=\"\" srcset=\"https:\/\/artisticswimming.ca\/wp-content\/uploads\/2021\/08\/2020-Olympics-Day4-200x108.jpg 200w, https:\/\/artisticswimming.ca\/wp-content\/uploads\/2021\/08\/2020-Olympics-Day4-400x217.jpg 400w, https:\/\/artisticswimming.ca\/wp-content\/uploads\/2021\/08\/2020-Olympics-Day4-600x325.jpg 600w, https:\/\/artisticswimming.ca\/wp-content\/uploads\/2021\/08\/2020-Olympics-Day4-800x434.jpg 800w, https:\/\/artisticswimming.ca\/wp-content\/uploads\/2021\/08\/2020-Olympics-Day4-1200x650.jpg 1200w, https:\/\/artisticswimming.ca\/wp-content\/uploads\/2021\/08\/2020-Olympics-Day4.jpg 1500w\" sizes=\"(min-width: 2200px) 100vw, (min-width: 1044px) 373px, (min-width: 972px) 560px, (min-width: 900px) 972px, \" \/><div class=\"fusion-rollover\">\n\t<div class=\"fusion-rollover-content\">\n\n\t\t\t\t\n\t\t\n\t\t\t\t\t\t\t\t\t\t\t\t<h4 class=\"fusion-rollover-title\">\n\t\t\t\t\t<a class=\"fusion-rollover-title-link\" href=\"https:\/\/artisticswimming.ca\/fr\/teams-best-score-has-canada-in-5th-place-after-technical-routine-at-tokyo-olympics\/\">\n\t\t\t\t\t\tUn pointage record de l&rsquo;\u00e9quipe place le Canada en 5e position apr\u00e8s la routine technique aux Olympiques de Tokyo\t\t\t\t\t<\/a>\n\t\t\t\t<\/h4>\n\t\t\t\n\t\t\t\t\t\t\t\t\n\t\t\n\t\t\t\t\t\t<a class=\"fusion-link-wrapper\" href=\"https:\/\/artisticswimming.ca\/fr\/teams-best-score-has-canada-in-5th-place-after-technical-routine-at-tokyo-olympics\/\" aria-label=\"Un pointage record de l&rsquo;\u00e9quipe place le Canada en 5e position apr\u00e8s la routine technique aux Olympiques de Tokyo\"><\/a>\n\t<\/div>\n<\/div>\n<\/div>\n<\/li>\n\t\t\t\n\t\t\t\n\t\t\t\t\t\t\t\t\t\t\t\t\t\t\t\t\t\t\t\t\t\t\t\t\t\t\t\t\t\t\t\t\t\t\t\t\t\t\t\t\t\t\t\t\t\t\t\t\t\t\t\t\t\t\t\t\t\t\t\t\t\t\t\t\t\t\t\t\t\t\t\t\t\t\t\t\t\t\t\t\t\t\t\t\t\t\t\t\t\t\t\t\t\t\t\t\t\t\t\t\t\t\t\t\t\t\t\t\t\t\t\t\t\t\t\t\t\t\t\t\t\t\t\t\t\t\t\t\t\t\t\t\t\t\t\t\t\t\t\t\t\t\t<\/ul>\n\t<\/div>\n\t<div class=\"fusion-post-content-wrapper\" style=\"padding:30px 25px 20px 25px;\"><div class=\"fusion-post-content post-content\"><h2 class=\"blog-shortcode-post-title entry-title\"><a href=\"https:\/\/artisticswimming.ca\/fr\/teams-best-score-has-canada-in-5th-place-after-technical-routine-at-tokyo-olympics\/\">Un pointage record de l&rsquo;\u00e9quipe place le Canada en 5e position apr\u00e8s la routine technique aux Olympiques de Tokyo<\/a><\/h2><p class=\"fusion-single-line-meta\"><span class=\"vcard\" style=\"display: none;\"><span class=\"fn\"><a href=\"https:\/\/artisticswimming.ca\/fr\/author\/synchro\/\" title=\"Articles par synchro\" rel=\"author\">synchro<\/a><\/span><\/span><span class=\"updated\" style=\"display:none;\">2021-08-20T13:57:31-04:00<\/span><span>ao\u00fbt 6th, 2021<\/span><span class=\"fusion-inline-sep\">|<\/span><\/p><div class=\"fusion-content-sep sep-double sep-solid\"><\/div><div class=\"fusion-post-content-container\"><p>D\u00e8s la premi\u00e8re acrobatie, lorsque la voltigeuse <strong>Audrey Joly<\/strong> a \u00e9t\u00e9 projet\u00e9e dans les airs, a fait deux culbutes et a plong\u00e9 parfaitement dans l\u2019eau, jusqu\u2019\u00e0 l\u2019hybride final \u00e0 la fin de la routine, les membres de l\u2019\u00e9quipe canadienne de natation artistique, qui en \u00e9taient toutes \u00e0 leur premi\u00e8re participation<a href=\"https:\/\/artisticswimming.ca\/fr\/teams-best-score-has-canada-in-5th-place-after-technical-routine-at-tokyo-olympics\/\"> [\u2026]<\/a><\/p>\n<\/div><\/div><\/div><div class=\"fusion-clearfix\"><\/div><\/div>\n<\/article>\n<article id=\"blog-1-post-11382\" class=\"fusion-post-grid post-11382 post type-post status-publish format-standard has-post-thumbnail hentry category-competition-fr category-equipe-nationale-senior category-olympiques-fr category-page-daccueil category-tokyo-2020-fr\">\n<div class=\"fusion-post-wrapper\" style=\"background-color:rgba(255,255,255,0);border:1px solid #ebeaea;border-bottom-width:3px;\">\n\n\t\t\t<div class=\"fusion-flexslider flexslider fusion-flexslider-loading fusion-post-slideshow\" style=\"border-color:#ebeaea;\">\n\t\t<ul class=\"slides\">\n\t\t\t\n\t\t\t\t\t\t\t\t\t\t\t\t\t\t<li><div  class=\"fusion-image-wrapper\" aria-haspopup=\"true\">\n\t\t\t\t<img decoding=\"async\" width=\"1500\" height=\"813\" src=\"https:\/\/artisticswimming.ca\/wp-content\/uploads\/2021\/08\/2020-Olympics-Team-Preview.jpg\" class=\"attachment-full size-full wp-post-image\" alt=\"\" srcset=\"https:\/\/artisticswimming.ca\/wp-content\/uploads\/2021\/08\/2020-Olympics-Team-Preview-200x108.jpg 200w, https:\/\/artisticswimming.ca\/wp-content\/uploads\/2021\/08\/2020-Olympics-Team-Preview-400x217.jpg 400w, https:\/\/artisticswimming.ca\/wp-content\/uploads\/2021\/08\/2020-Olympics-Team-Preview-600x325.jpg 600w, https:\/\/artisticswimming.ca\/wp-content\/uploads\/2021\/08\/2020-Olympics-Team-Preview-800x434.jpg 800w, https:\/\/artisticswimming.ca\/wp-content\/uploads\/2021\/08\/2020-Olympics-Team-Preview-1200x650.jpg 1200w, https:\/\/artisticswimming.ca\/wp-content\/uploads\/2021\/08\/2020-Olympics-Team-Preview.jpg 1500w\" sizes=\"(min-width: 2200px) 100vw, (min-width: 1044px) 373px, (min-width: 972px) 560px, (min-width: 900px) 972px, \" \/><div class=\"fusion-rollover\">\n\t<div class=\"fusion-rollover-content\">\n\n\t\t\t\t\n\t\t\n\t\t\t\t\t\t\t\t\t\t\t\t<h4 class=\"fusion-rollover-title\">\n\t\t\t\t\t<a class=\"fusion-rollover-title-link\" href=\"https:\/\/artisticswimming.ca\/fr\/preview-tokyo-2020-team-event\/\">\n\t\t\t\t\t\tAper\u00e7u: \u00c9preuve par \u00e9quipe de Tokyo 2020\t\t\t\t\t<\/a>\n\t\t\t\t<\/h4>\n\t\t\t\n\t\t\t\t\t\t\t\t\n\t\t\n\t\t\t\t\t\t<a class=\"fusion-link-wrapper\" href=\"https:\/\/artisticswimming.ca\/fr\/preview-tokyo-2020-team-event\/\" aria-label=\"Aper\u00e7u: \u00c9preuve par \u00e9quipe de Tokyo 2020\"><\/a>\n\t<\/div>\n<\/div>\n<\/div>\n<\/li>\n\t\t\t\n\t\t\t\n\t\t\t\t\t\t\t\t\t\t\t\t\t\t\t\t\t\t\t\t\t\t\t\t\t\t\t\t\t\t\t\t\t\t\t\t\t\t\t\t\t\t\t\t\t\t\t\t\t\t\t\t\t\t\t\t\t\t\t\t\t\t\t\t\t\t\t\t\t\t\t\t\t\t\t\t\t\t\t\t\t\t\t\t\t\t\t\t\t\t\t\t\t\t\t\t\t\t\t\t\t\t\t\t\t\t\t\t\t\t\t\t\t\t\t\t\t\t\t\t\t\t\t\t\t\t\t\t\t\t\t\t\t\t\t\t\t\t\t\t\t\t\t<\/ul>\n\t<\/div>\n\t<div class=\"fusion-post-content-wrapper\" style=\"padding:30px 25px 20px 25px;\"><div class=\"fusion-post-content post-content\"><h2 class=\"blog-shortcode-post-title entry-title\"><a href=\"https:\/\/artisticswimming.ca\/fr\/preview-tokyo-2020-team-event\/\">Aper\u00e7u: \u00c9preuve par \u00e9quipe de Tokyo 2020<\/a><\/h2><p class=\"fusion-single-line-meta\"><span class=\"vcard\" style=\"display: none;\"><span class=\"fn\"><a href=\"https:\/\/artisticswimming.ca\/fr\/author\/synchro\/\" title=\"Articles par synchro\" rel=\"author\">synchro<\/a><\/span><\/span><span class=\"updated\" style=\"display:none;\">2021-08-20T11:33:14-04:00<\/span><span>ao\u00fbt 5th, 2021<\/span><span class=\"fusion-inline-sep\">|<\/span><\/p><div class=\"fusion-content-sep sep-double sep-solid\"><\/div><div class=\"fusion-post-content-container\"><div>\n<p>La deuxi\u00e8me \u00e9preuve de natation artistique des Jeux olympiques de Tokyo 2020 mettra en vedette l\u2019\u00e9quipe canadienne compos\u00e9e de huit membres. Les athl\u00e8tes seront \u00e0 l\u2019oeuvre \u00e0 la piscine du Centre aquatique de Tokyo les 6 et 7 ao\u00fbt.<\/p>\n<p>L\u2019\u00e9quipe est compos\u00e9e d\u2019une combinaison de membres exp\u00e9riment\u00e9es de l\u2019\u00e9quipe nationale et<a href=\"https:\/\/artisticswimming.ca\/fr\/preview-tokyo-2020-team-event\/\"> [\u2026]<\/a><\/p>\n<\/div><\/div><\/div><\/div><div class=\"fusion-clearfix\"><\/div><\/div>\n<\/article>\n<article id=\"blog-1-post-11256\" class=\"fusion-post-grid post-11256 post type-post status-publish format-standard has-post-thumbnail hentry category-competition-fr category-equipe-nationale-senior category-olympiques-fr category-page-daccueil category-tokyo-2020-fr\">\n<div class=\"fusion-post-wrapper\" style=\"background-color:rgba(255,255,255,0);border:1px solid #ebeaea;border-bottom-width:3px;\">\n\n\t\t\t<div class=\"fusion-flexslider flexslider fusion-flexslider-loading fusion-post-slideshow\" style=\"border-color:#ebeaea;\">\n\t\t<ul class=\"slides\">\n\t\t\t\n\t\t\t\t\t\t\t\t\t\t\t\t\t\t<li><div  class=\"fusion-image-wrapper\" aria-haspopup=\"true\">\n\t\t\t\t<img decoding=\"async\" width=\"1500\" height=\"813\" src=\"https:\/\/artisticswimming.ca\/wp-content\/uploads\/2021\/08\/2020-Olympics-Day3.jpg\" class=\"attachment-full size-full wp-post-image\" alt=\"\" srcset=\"https:\/\/artisticswimming.ca\/wp-content\/uploads\/2021\/08\/2020-Olympics-Day3-200x108.jpg 200w, https:\/\/artisticswimming.ca\/wp-content\/uploads\/2021\/08\/2020-Olympics-Day3-400x217.jpg 400w, https:\/\/artisticswimming.ca\/wp-content\/uploads\/2021\/08\/2020-Olympics-Day3-600x325.jpg 600w, https:\/\/artisticswimming.ca\/wp-content\/uploads\/2021\/08\/2020-Olympics-Day3-800x434.jpg 800w, https:\/\/artisticswimming.ca\/wp-content\/uploads\/2021\/08\/2020-Olympics-Day3-1200x650.jpg 1200w, https:\/\/artisticswimming.ca\/wp-content\/uploads\/2021\/08\/2020-Olympics-Day3.jpg 1500w\" sizes=\"(min-width: 2200px) 100vw, (min-width: 1044px) 373px, (min-width: 972px) 560px, (min-width: 900px) 972px, \" \/><div class=\"fusion-rollover\">\n\t<div class=\"fusion-rollover-content\">\n\n\t\t\t\t\n\t\t\n\t\t\t\t\t\t\t\t\t\t\t\t<h4 class=\"fusion-rollover-title\">\n\t\t\t\t\t<a class=\"fusion-rollover-title-link\" href=\"https:\/\/artisticswimming.ca\/fr\/5th-place-finish-for-duet-at-tokyo-olympics\/\">\n\t\t\t\t\t\tUne 5e place aux Olympiques de Tokyo pour le duo canadien\t\t\t\t\t<\/a>\n\t\t\t\t<\/h4>\n\t\t\t\n\t\t\t\t\t\t\t\t\n\t\t\n\t\t\t\t\t\t<a class=\"fusion-link-wrapper\" href=\"https:\/\/artisticswimming.ca\/fr\/5th-place-finish-for-duet-at-tokyo-olympics\/\" aria-label=\"Une 5e place aux Olympiques de Tokyo pour le duo canadien\"><\/a>\n\t<\/div>\n<\/div>\n<\/div>\n<\/li>\n\t\t\t\n\t\t\t\n\t\t\t\t\t\t\t\t\t\t\t\t\t\t\t\t\t\t\t\t\t\t\t\t\t\t\t\t\t\t\t\t\t\t\t\t\t\t\t\t\t\t\t\t\t\t\t\t\t\t\t\t\t\t\t\t\t\t\t\t\t\t\t\t\t\t\t\t\t\t\t\t\t\t\t\t\t\t\t\t\t\t\t\t\t\t\t\t\t\t\t\t\t\t\t\t\t\t\t\t\t\t\t\t\t\t\t\t\t\t\t\t\t\t\t\t\t\t\t\t\t\t\t\t\t\t\t\t\t\t\t\t\t\t\t\t\t\t\t\t\t\t\t<\/ul>\n\t<\/div>\n\t<div class=\"fusion-post-content-wrapper\" style=\"padding:30px 25px 20px 25px;\"><div class=\"fusion-post-content post-content\"><h2 class=\"blog-shortcode-post-title entry-title\"><a href=\"https:\/\/artisticswimming.ca\/fr\/5th-place-finish-for-duet-at-tokyo-olympics\/\">Une 5e place aux Olympiques de Tokyo pour le duo canadien<\/a><\/h2><p class=\"fusion-single-line-meta\"><span class=\"vcard\" style=\"display: none;\"><span class=\"fn\"><a href=\"https:\/\/artisticswimming.ca\/fr\/author\/synchro\/\" title=\"Articles par synchro\" rel=\"author\">synchro<\/a><\/span><\/span><span class=\"updated\" style=\"display:none;\">2021-08-20T13:57:48-04:00<\/span><span>ao\u00fbt 4th, 2021<\/span><span class=\"fusion-inline-sep\">|<\/span><\/p><div class=\"fusion-content-sep sep-double sep-solid\"><\/div><div class=\"fusion-post-content-container\"><div>\n<p>Avec un troisi\u00e8me meilleur score cons\u00e9cutif dans leur comp\u00e9tition olympique, <strong>Claudia Holzner<\/strong>, 27 ans, (Calgary, Alberta) et <strong>Jacqueline Simoneau<\/strong>, 24 ans, (Saint-Laurent, Qu\u00e9bec) ont termin\u00e9 au cinqui\u00e8me rang de l\u2019\u00e9preuve de natation artistique en duo aux Jeux de Tokyo 2020.<\/p>\n<p>Elles ont am\u00e9lior\u00e9 leur score pr\u00e9liminaire de routine libre de presque<a href=\"https:\/\/artisticswimming.ca\/fr\/5th-place-finish-for-duet-at-tokyo-olympics\/\"> [\u2026]<\/a><\/p>\n<\/div><\/div><\/div><\/div><div class=\"fusion-clearfix\"><\/div><\/div>\n<\/article>\n<article id=\"blog-1-post-11369\" class=\"fusion-post-grid post-11369 post type-post status-publish format-standard has-post-thumbnail hentry category-competition-fr category-equipe-nationale-senior category-olympiques-fr category-page-daccueil category-tokyo-2020-fr\">\n<div class=\"fusion-post-wrapper\" style=\"background-color:rgba(255,255,255,0);border:1px solid #ebeaea;border-bottom-width:3px;\">\n\n\t\t\t<div class=\"fusion-flexslider flexslider fusion-flexslider-loading fusion-post-slideshow\" style=\"border-color:#ebeaea;\">\n\t\t<ul class=\"slides\">\n\t\t\t\n\t\t\t\t\t\t\t\t\t\t\t\t\t\t<li><div  class=\"fusion-image-wrapper\" aria-haspopup=\"true\">\n\t\t\t\t<img decoding=\"async\" width=\"1500\" height=\"813\" src=\"https:\/\/artisticswimming.ca\/wp-content\/uploads\/2021\/08\/2020-Olympics-Day2.jpg\" class=\"attachment-full size-full wp-post-image\" alt=\"\" srcset=\"https:\/\/artisticswimming.ca\/wp-content\/uploads\/2021\/08\/2020-Olympics-Day2-200x108.jpg 200w, https:\/\/artisticswimming.ca\/wp-content\/uploads\/2021\/08\/2020-Olympics-Day2-400x217.jpg 400w, https:\/\/artisticswimming.ca\/wp-content\/uploads\/2021\/08\/2020-Olympics-Day2-600x325.jpg 600w, https:\/\/artisticswimming.ca\/wp-content\/uploads\/2021\/08\/2020-Olympics-Day2-800x434.jpg 800w, https:\/\/artisticswimming.ca\/wp-content\/uploads\/2021\/08\/2020-Olympics-Day2-1200x650.jpg 1200w, https:\/\/artisticswimming.ca\/wp-content\/uploads\/2021\/08\/2020-Olympics-Day2.jpg 1500w\" sizes=\"(min-width: 2200px) 100vw, (min-width: 1044px) 373px, (min-width: 972px) 560px, (min-width: 900px) 972px, \" \/><div class=\"fusion-rollover\">\n\t<div class=\"fusion-rollover-content\">\n\n\t\t\t\t\n\t\t\n\t\t\t\t\t\t\t\t\t\t\t\t<h4 class=\"fusion-rollover-title\">\n\t\t\t\t\t<a class=\"fusion-rollover-title-link\" href=\"https:\/\/artisticswimming.ca\/fr\/personal-best-swim-for-canadian-duet-in-technical-event-at-tokyo-olympics\/\">\n\t\t\t\t\t\tUne performance record pour le duo canadien \u00e0 l&rsquo;\u00e9preuve technique aux Olympiques de Tokyo\t\t\t\t\t<\/a>\n\t\t\t\t<\/h4>\n\t\t\t\n\t\t\t\t\t\t\t\t\n\t\t\n\t\t\t\t\t\t<a class=\"fusion-link-wrapper\" href=\"https:\/\/artisticswimming.ca\/fr\/personal-best-swim-for-canadian-duet-in-technical-event-at-tokyo-olympics\/\" aria-label=\"Une performance record pour le duo canadien \u00e0 l&rsquo;\u00e9preuve technique aux Olympiques de Tokyo\"><\/a>\n\t<\/div>\n<\/div>\n<\/div>\n<\/li>\n\t\t\t\n\t\t\t\n\t\t\t\t\t\t\t\t\t\t\t\t\t\t\t\t\t\t\t\t\t\t\t\t\t\t\t\t\t\t\t\t\t\t\t\t\t\t\t\t\t\t\t\t\t\t\t\t\t\t\t\t\t\t\t\t\t\t\t\t\t\t\t\t\t\t\t\t\t\t\t\t\t\t\t\t\t\t\t\t\t\t\t\t\t\t\t\t\t\t\t\t\t\t\t\t\t\t\t\t\t\t\t\t\t\t\t\t\t\t\t\t\t\t\t\t\t\t\t\t\t\t\t\t\t\t\t\t\t\t\t\t\t\t\t\t\t\t\t\t\t\t\t<\/ul>\n\t<\/div>\n\t<div class=\"fusion-post-content-wrapper\" style=\"padding:30px 25px 20px 25px;\"><div class=\"fusion-post-content post-content\"><h2 class=\"blog-shortcode-post-title entry-title\"><a href=\"https:\/\/artisticswimming.ca\/fr\/personal-best-swim-for-canadian-duet-in-technical-event-at-tokyo-olympics\/\">Une performance record pour le duo canadien \u00e0 l&rsquo;\u00e9preuve technique aux Olympiques de Tokyo<\/a><\/h2><p class=\"fusion-single-line-meta\"><span class=\"vcard\" style=\"display: none;\"><span class=\"fn\"><a href=\"https:\/\/artisticswimming.ca\/fr\/author\/synchro\/\" title=\"Articles par synchro\" rel=\"author\">synchro<\/a><\/span><\/span><span class=\"updated\" style=\"display:none;\">2021-08-20T10:02:41-04:00<\/span><span>ao\u00fbt 3rd, 2021<\/span><span class=\"fusion-inline-sep\">|<\/span><\/p><div class=\"fusion-content-sep sep-double sep-solid\"><\/div><div class=\"fusion-post-content-container\"><p style=\"text-align: center;\"><strong>Holzner et Simoneau en 5\u00e8me position apr\u00e8s la routine technique<\/strong><\/p>\n<div>Le duo canadien compos\u00e9 de <strong>Claudia Holzner<\/strong>, 27 ans (Calgary, Alberta) et de <strong>Jacqueline Simoneau<\/strong>, 24 ans (Saint-Laurent, Qu\u00e9bec) a r\u00e9alis\u00e9 une performance record et occupe la cinqui\u00e8me place apr\u00e8s la routine technique d\u2019aujourd\u2019hui aux Jeux olympiques de Tokyo<a href=\"https:\/\/artisticswimming.ca\/fr\/personal-best-swim-for-canadian-duet-in-technical-event-at-tokyo-olympics\/\"> [\u2026]<\/a>\n<\/div><\/div><\/div><\/div><div class=\"fusion-clearfix\"><\/div><\/div>\n<\/article>\n<article id=\"blog-1-post-11376\" class=\"fusion-post-grid post-11376 post type-post status-publish format-standard has-post-thumbnail hentry category-competition-fr category-equipe-nationale-senior category-olympiques-fr category-page-daccueil category-tokyo-2020-fr\">\n<div class=\"fusion-post-wrapper\" style=\"background-color:rgba(255,255,255,0);border:1px solid #ebeaea;border-bottom-width:3px;\">\n\n\t\t\t<div class=\"fusion-flexslider flexslider fusion-flexslider-loading fusion-post-slideshow\" style=\"border-color:#ebeaea;\">\n\t\t<ul class=\"slides\">\n\t\t\t\n\t\t\t\t\t\t\t\t\t\t\t\t\t\t<li><div  class=\"fusion-image-wrapper\" aria-haspopup=\"true\">\n\t\t\t\t<img decoding=\"async\" width=\"1500\" height=\"813\" src=\"https:\/\/artisticswimming.ca\/wp-content\/uploads\/2021\/08\/2020-Olympics-Day1.jpg\" class=\"attachment-full size-full wp-post-image\" alt=\"\" srcset=\"https:\/\/artisticswimming.ca\/wp-content\/uploads\/2021\/08\/2020-Olympics-Day1-200x108.jpg 200w, https:\/\/artisticswimming.ca\/wp-content\/uploads\/2021\/08\/2020-Olympics-Day1-400x217.jpg 400w, https:\/\/artisticswimming.ca\/wp-content\/uploads\/2021\/08\/2020-Olympics-Day1-600x325.jpg 600w, https:\/\/artisticswimming.ca\/wp-content\/uploads\/2021\/08\/2020-Olympics-Day1-800x434.jpg 800w, https:\/\/artisticswimming.ca\/wp-content\/uploads\/2021\/08\/2020-Olympics-Day1-1200x650.jpg 1200w, https:\/\/artisticswimming.ca\/wp-content\/uploads\/2021\/08\/2020-Olympics-Day1.jpg 1500w\" sizes=\"(min-width: 2200px) 100vw, (min-width: 1044px) 373px, (min-width: 972px) 560px, (min-width: 900px) 972px, \" \/><div class=\"fusion-rollover\">\n\t<div class=\"fusion-rollover-content\">\n\n\t\t\t\t\n\t\t\n\t\t\t\t\t\t\t\t\t\t\t\t<h4 class=\"fusion-rollover-title\">\n\t\t\t\t\t<a class=\"fusion-rollover-title-link\" href=\"https:\/\/artisticswimming.ca\/fr\/great-start-for-the-duet-in-tokyo\/\">\n\t\t\t\t\t\tUn excellent d\u00e9part pour le duo \u00e0 Tokyo\t\t\t\t\t<\/a>\n\t\t\t\t<\/h4>\n\t\t\t\n\t\t\t\t\t\t\t\t\n\t\t\n\t\t\t\t\t\t<a class=\"fusion-link-wrapper\" href=\"https:\/\/artisticswimming.ca\/fr\/great-start-for-the-duet-in-tokyo\/\" aria-label=\"Un excellent d\u00e9part pour le duo \u00e0 Tokyo\"><\/a>\n\t<\/div>\n<\/div>\n<\/div>\n<\/li>\n\t\t\t\n\t\t\t\n\t\t\t\t\t\t\t\t\t\t\t\t\t\t\t\t\t\t\t\t\t\t\t\t\t\t\t\t\t\t\t\t\t\t\t\t\t\t\t\t\t\t\t\t\t\t\t\t\t\t\t\t\t\t\t\t\t\t\t\t\t\t\t\t\t\t\t\t\t\t\t\t\t\t\t\t\t\t\t\t\t\t\t\t\t\t\t\t\t\t\t\t\t\t\t\t\t\t\t\t\t\t\t\t\t\t\t\t\t\t\t\t\t\t\t\t\t\t\t\t\t\t\t\t\t\t\t\t\t\t\t\t\t\t\t\t\t\t\t\t\t\t\t<\/ul>\n\t<\/div>\n\t<div class=\"fusion-post-content-wrapper\" style=\"padding:30px 25px 20px 25px;\"><div class=\"fusion-post-content post-content\"><h2 class=\"blog-shortcode-post-title entry-title\"><a href=\"https:\/\/artisticswimming.ca\/fr\/great-start-for-the-duet-in-tokyo\/\">Un excellent d\u00e9part pour le duo \u00e0 Tokyo<\/a><\/h2><p class=\"fusion-single-line-meta\"><span class=\"vcard\" style=\"display: none;\"><span class=\"fn\"><a href=\"https:\/\/artisticswimming.ca\/fr\/author\/synchro\/\" title=\"Articles par synchro\" rel=\"author\">synchro<\/a><\/span><\/span><span class=\"updated\" style=\"display:none;\">2021-08-20T10:16:18-04:00<\/span><span>ao\u00fbt 2nd, 2021<\/span><span class=\"fusion-inline-sep\">|<\/span><\/p><div class=\"fusion-content-sep sep-double sep-solid\"><\/div><div class=\"fusion-post-content-container\"><p style=\"text-align: center;\"><strong>Le duo canadien en 5e place apr\u00e8s les qualifications<\/strong><\/p>\n<div>Apr\u00e8s le premier des trois segments de l\u2019\u00e9preuve de natation artistique en duo aux Jeux olympiques d\u2019\u00e9t\u00e9 de 2020 \u00e0 Tokyo, le duo canadien compos\u00e9 de <strong>Claudia Holzner<\/strong>, 27 ans, (Calgary, Alberta) et <strong>Jacqueline Simoneau<\/strong>, 24 ans, (Saint-Laurent, Qu\u00e9bec) occupe<a href=\"https:\/\/artisticswimming.ca\/fr\/great-start-for-the-duet-in-tokyo\/\"> [\u2026]<\/a>\n<\/div><\/div><\/div><\/div><div class=\"fusion-clearfix\"><\/div><\/div>\n<\/article>\n<article id=\"blog-1-post-11108\" class=\"fusion-post-grid post-11108 post type-post status-publish format-standard has-post-thumbnail hentry category-nouvelles category-olympiques-fr category-page-daccueil category-tokyo-2020-fr\">\n<div class=\"fusion-post-wrapper\" style=\"background-color:rgba(255,255,255,0);border:1px solid #ebeaea;border-bottom-width:3px;\">\n\n\t\t\t<div class=\"fusion-flexslider flexslider fusion-flexslider-loading fusion-post-slideshow\" style=\"border-color:#ebeaea;\">\n\t\t<ul class=\"slides\">\n\t\t\t\n\t\t\t\t\t\t\t\t\t\t\t\t\t\t<li><div  class=\"fusion-image-wrapper\" aria-haspopup=\"true\">\n\t\t\t\t<img decoding=\"async\" width=\"1200\" height=\"650\" src=\"https:\/\/artisticswimming.ca\/wp-content\/uploads\/2021\/07\/Canada-olympic-team-CAS-1.png\" class=\"attachment-full size-full wp-post-image\" alt=\"CAS Olympic Team\" srcset=\"https:\/\/artisticswimming.ca\/wp-content\/uploads\/2021\/07\/Canada-olympic-team-CAS-1-200x108.png 200w, https:\/\/artisticswimming.ca\/wp-content\/uploads\/2021\/07\/Canada-olympic-team-CAS-1-400x217.png 400w, https:\/\/artisticswimming.ca\/wp-content\/uploads\/2021\/07\/Canada-olympic-team-CAS-1-600x325.png 600w, https:\/\/artisticswimming.ca\/wp-content\/uploads\/2021\/07\/Canada-olympic-team-CAS-1-800x433.png 800w, https:\/\/artisticswimming.ca\/wp-content\/uploads\/2021\/07\/Canada-olympic-team-CAS-1.png 1200w\" sizes=\"(min-width: 2200px) 100vw, (min-width: 1044px) 373px, (min-width: 972px) 560px, (min-width: 900px) 972px, \" \/><div class=\"fusion-rollover\">\n\t<div class=\"fusion-rollover-content\">\n\n\t\t\t\t\n\t\t\n\t\t\t\t\t\t\t\t\t\t\t\t<h4 class=\"fusion-rollover-title\">\n\t\t\t\t\t<a class=\"fusion-rollover-title-link\" href=\"https:\/\/artisticswimming.ca\/fr\/les-nageuses-artistiques-canadiennes-arrivent-a-tokyo-pretes-pour-la-competition\/\">\n\t\t\t\t\t\tLes nageuses artistiques canadiennes arrivent \u00e0 Tokyo pr\u00eates pour la comp\u00e9tition\t\t\t\t\t<\/a>\n\t\t\t\t<\/h4>\n\t\t\t\n\t\t\t\t\t\t\t\t\n\t\t\n\t\t\t\t\t\t<a class=\"fusion-link-wrapper\" href=\"https:\/\/artisticswimming.ca\/fr\/les-nageuses-artistiques-canadiennes-arrivent-a-tokyo-pretes-pour-la-competition\/\" aria-label=\"Les nageuses artistiques canadiennes arrivent \u00e0 Tokyo pr\u00eates pour la comp\u00e9tition\"><\/a>\n\t<\/div>\n<\/div>\n<\/div>\n<\/li>\n\t\t\t\n\t\t\t\n\t\t\t\t\t\t\t\t\t\t\t\t\t\t\t\t\t\t\t\t\t\t\t\t\t\t\t\t\t\t\t\t\t\t\t\t\t\t\t\t\t\t\t\t\t\t\t\t\t\t\t\t\t\t\t\t\t\t\t\t\t\t\t\t\t\t\t\t\t\t\t\t\t\t\t\t\t\t\t\t\t\t\t\t\t\t\t\t\t\t\t\t\t\t\t\t\t\t\t\t\t\t\t\t\t\t\t\t\t\t\t\t\t\t\t\t\t\t\t\t\t\t\t\t\t\t\t\t\t\t\t\t\t\t\t\t\t\t\t\t\t\t\t<\/ul>\n\t<\/div>\n\t<div class=\"fusion-post-content-wrapper\" style=\"padding:30px 25px 20px 25px;\"><div class=\"fusion-post-content post-content\"><h2 class=\"blog-shortcode-post-title entry-title\"><a href=\"https:\/\/artisticswimming.ca\/fr\/les-nageuses-artistiques-canadiennes-arrivent-a-tokyo-pretes-pour-la-competition\/\">Les nageuses artistiques canadiennes arrivent \u00e0 Tokyo pr\u00eates pour la comp\u00e9tition<\/a><\/h2><p class=\"fusion-single-line-meta\"><span class=\"vcard\" style=\"display: none;\"><span class=\"fn\"><a href=\"https:\/\/artisticswimming.ca\/fr\/author\/balboa\/\" title=\"Articles par Joel Mineau\" rel=\"author\">Joel Mineau<\/a><\/span><\/span><span class=\"updated\" style=\"display:none;\">2021-08-20T13:58:03-04:00<\/span><span>juillet 25th, 2021<\/span><span class=\"fusion-inline-sep\">|<\/span><\/p><div class=\"fusion-content-sep sep-double sep-solid\"><\/div><div class=\"fusion-post-content-container\">\n<p><span style=\"font-weight: 400;\">L\u2019\u00e9quipe canadienne de natation artistique est arriv\u00e9e au Japon et attend avec impatience le d\u00e9but de la comp\u00e9tition aux Jeux olympiques de Tokyo 2020. Les \u00e9preuves de natation artistique se d\u00e9rouleront du 2 au 7 ao\u00fbt 2021, au Centre aquatique de Tokyo.\u00a0<\/span><\/p>\n<p><span style=\"font-weight: 400;\">Avant son<a href=\"https:\/\/artisticswimming.ca\/fr\/les-nageuses-artistiques-canadiennes-arrivent-a-tokyo-pretes-pour-la-competition\/\"> [\u2026]<\/a><\/span><\/p>\n<\/div><\/div><\/div><div class=\"fusion-clearfix\"><\/div><\/div>\n<\/article>\n<div class=\"fusion-clearfix\"><\/div><\/div><\/div><div class=\"fusion-clearfix\"><\/div><\/div><\/div><\/div><\/div>\n","protected":false},"excerpt":{"rendered":"","protected":false},"author":2,"featured_media":0,"parent":299,"menu_order":0,"comment_status":"closed","ping_status":"closed","template":"","meta":{"_acf_changed":false,"footnotes":""},"class_list":["post-11413","page","type-page","status-publish","hentry"],"acf":[],"yoast_head":"<!-- This site is optimized with the Yoast SEO plugin v27.2 - https:\/\/yoast.com\/product\/yoast-seo-wordpress\/ -->\n<title>TOKYO 2020 EN BREF - Natation Artistique Canada<\/title>\n<meta name=\"robots\" content=\"index, follow, max-snippet:-1, max-image-preview:large, max-video-preview:-1\" \/>\n<link rel=\"canonical\" href=\"https:\/\/artisticswimming.ca\/fr\/equipes-nationales\/tokyo-olympics-in-review\/\" \/>\n<meta property=\"og:locale\" content=\"fr_FR\" \/>\n<meta property=\"og:type\" content=\"article\" \/>\n<meta property=\"og:title\" content=\"TOKYO 2020 EN BREF - Natation Artistique Canada\" \/>\n<meta property=\"og:url\" content=\"https:\/\/artisticswimming.ca\/fr\/equipes-nationales\/tokyo-olympics-in-review\/\" \/>\n<meta property=\"og:site_name\" content=\"Natation Artistique Canada\" \/>\n<meta property=\"article:modified_time\" content=\"2021-08-23T18:02:50+00:00\" \/>\n<meta name=\"twitter:card\" content=\"summary_large_image\" \/>\n<meta name=\"twitter:label1\" content=\"Dur\u00e9e de lecture estim\u00e9e\" \/>\n\t<meta name=\"twitter:data1\" content=\"1 minute\" \/>\n<script type=\"application\/ld+json\" class=\"yoast-schema-graph\">{\"@context\":\"https:\/\/schema.org\",\"@graph\":[{\"@type\":\"WebPage\",\"@id\":\"https:\/\/artisticswimming.ca\/fr\/equipes-nationales\/tokyo-olympics-in-review\/\",\"url\":\"https:\/\/artisticswimming.ca\/fr\/equipes-nationales\/tokyo-olympics-in-review\/\",\"name\":\"TOKYO 2020 EN BREF - Natation Artistique Canada\",\"isPartOf\":{\"@id\":\"https:\/\/artisticswimming.ca\/fr\/#website\"},\"datePublished\":\"2021-08-20T13:48:27+00:00\",\"dateModified\":\"2021-08-23T18:02:50+00:00\",\"breadcrumb\":{\"@id\":\"https:\/\/artisticswimming.ca\/fr\/equipes-nationales\/tokyo-olympics-in-review\/#breadcrumb\"},\"inLanguage\":\"fr-FR\",\"potentialAction\":[{\"@type\":\"ReadAction\",\"target\":[\"https:\/\/artisticswimming.ca\/fr\/equipes-nationales\/tokyo-olympics-in-review\/\"]}]},{\"@type\":\"BreadcrumbList\",\"@id\":\"https:\/\/artisticswimming.ca\/fr\/equipes-nationales\/tokyo-olympics-in-review\/#breadcrumb\",\"itemListElement\":[{\"@type\":\"ListItem\",\"position\":1,\"name\":\"Home\",\"item\":\"https:\/\/artisticswimming.ca\/fr\/\"},{\"@type\":\"ListItem\",\"position\":2,\"name\":\"\u00c9QUIPES NATIONALES\",\"item\":\"https:\/\/artisticswimming.ca\/fr\/equipes-nationales\/\"},{\"@type\":\"ListItem\",\"position\":3,\"name\":\"TOKYO 2020 EN BREF\"}]},{\"@type\":\"WebSite\",\"@id\":\"https:\/\/artisticswimming.ca\/fr\/#website\",\"url\":\"https:\/\/artisticswimming.ca\/fr\/\",\"name\":\"Natation Artistique Canada\",\"description\":\"\",\"potentialAction\":[{\"@type\":\"SearchAction\",\"target\":{\"@type\":\"EntryPoint\",\"urlTemplate\":\"https:\/\/artisticswimming.ca\/fr\/?s={search_term_string}\"},\"query-input\":{\"@type\":\"PropertyValueSpecification\",\"valueRequired\":true,\"valueName\":\"search_term_string\"}}],\"inLanguage\":\"fr-FR\"}]}<\/script>\n<!-- \/ Yoast SEO plugin. -->","yoast_head_json":{"title":"TOKYO 2020 EN BREF - Natation Artistique Canada","robots":{"index":"index","follow":"follow","max-snippet":"max-snippet:-1","max-image-preview":"max-image-preview:large","max-video-preview":"max-video-preview:-1"},"canonical":"https:\/\/artisticswimming.ca\/fr\/equipes-nationales\/tokyo-olympics-in-review\/","og_locale":"fr_FR","og_type":"article","og_title":"TOKYO 2020 EN BREF - Natation Artistique Canada","og_url":"https:\/\/artisticswimming.ca\/fr\/equipes-nationales\/tokyo-olympics-in-review\/","og_site_name":"Natation Artistique Canada","article_modified_time":"2021-08-23T18:02:50+00:00","twitter_card":"summary_large_image","twitter_misc":{"Dur\u00e9e de lecture estim\u00e9e":"1 minute"},"schema":{"@context":"https:\/\/schema.org","@graph":[{"@type":"WebPage","@id":"https:\/\/artisticswimming.ca\/fr\/equipes-nationales\/tokyo-olympics-in-review\/","url":"https:\/\/artisticswimming.ca\/fr\/equipes-nationales\/tokyo-olympics-in-review\/","name":"TOKYO 2020 EN BREF - Natation Artistique Canada","isPartOf":{"@id":"https:\/\/artisticswimming.ca\/fr\/#website"},"datePublished":"2021-08-20T13:48:27+00:00","dateModified":"2021-08-23T18:02:50+00:00","breadcrumb":{"@id":"https:\/\/artisticswimming.ca\/fr\/equipes-nationales\/tokyo-olympics-in-review\/#breadcrumb"},"inLanguage":"fr-FR","potentialAction":[{"@type":"ReadAction","target":["https:\/\/artisticswimming.ca\/fr\/equipes-nationales\/tokyo-olympics-in-review\/"]}]},{"@type":"BreadcrumbList","@id":"https:\/\/artisticswimming.ca\/fr\/equipes-nationales\/tokyo-olympics-in-review\/#breadcrumb","itemListElement":[{"@type":"ListItem","position":1,"name":"Home","item":"https:\/\/artisticswimming.ca\/fr\/"},{"@type":"ListItem","position":2,"name":"\u00c9QUIPES NATIONALES","item":"https:\/\/artisticswimming.ca\/fr\/equipes-nationales\/"},{"@type":"ListItem","position":3,"name":"TOKYO 2020 EN BREF"}]},{"@type":"WebSite","@id":"https:\/\/artisticswimming.ca\/fr\/#website","url":"https:\/\/artisticswimming.ca\/fr\/","name":"Natation Artistique Canada","description":"","potentialAction":[{"@type":"SearchAction","target":{"@type":"EntryPoint","urlTemplate":"https:\/\/artisticswimming.ca\/fr\/?s={search_term_string}"},"query-input":{"@type":"PropertyValueSpecification","valueRequired":true,"valueName":"search_term_string"}}],"inLanguage":"fr-FR"}]}},"_links":{"self":[{"href":"https:\/\/artisticswimming.ca\/fr\/wp-json\/wp\/v2\/pages\/11413","targetHints":{"allow":["GET"]}}],"collection":[{"href":"https:\/\/artisticswimming.ca\/fr\/wp-json\/wp\/v2\/pages"}],"about":[{"href":"https:\/\/artisticswimming.ca\/fr\/wp-json\/wp\/v2\/types\/page"}],"author":[{"embeddable":true,"href":"https:\/\/artisticswimming.ca\/fr\/wp-json\/wp\/v2\/users\/2"}],"replies":[{"embeddable":true,"href":"https:\/\/artisticswimming.ca\/fr\/wp-json\/wp\/v2\/comments?post=11413"}],"version-history":[{"count":0,"href":"https:\/\/artisticswimming.ca\/fr\/wp-json\/wp\/v2\/pages\/11413\/revisions"}],"up":[{"embeddable":true,"href":"https:\/\/artisticswimming.ca\/fr\/wp-json\/wp\/v2\/pages\/299"}],"wp:attachment":[{"href":"https:\/\/artisticswimming.ca\/fr\/wp-json\/wp\/v2\/media?parent=11413"}],"curies":[{"name":"wp","href":"https:\/\/api.w.org\/{rel}","templated":true}]}}