{"id":7427,"date":"2019-07-11T23:21:42","date_gmt":"2019-07-12T03:21:42","guid":{"rendered":"http:\/\/artisticswimming.ca\/event\/2019-fina-world-championships\/"},"modified":"2019-07-18T20:31:35","modified_gmt":"2019-07-19T00:31:35","slug":"2019-fina-world-championships","status":"publish","type":"tribe_events","link":"https:\/\/artisticswimming.ca\/fr\/event\/2019-fina-world-championships\/","title":{"rendered":"CHAMPIONNATS DU MONDE FINA 2019"},"content":{"rendered":"<div class=\"fusion-title title fusion-title-1 fusion-sep-none fusion-title-text fusion-title-size-one\" style=\"--awb-margin-bottom:10px;\"><h1 class=\"fusion-title-heading title-heading-left fusion-responsive-typography-calculated\" style=\"margin:0;--fontSize:34;line-height:1.2;\"><br \/>\nHORAIRES, LISTES DE D\u00c9PARTS ET R\u00c9SULTATS<br \/><\/h1><\/div>\n<table class=\"table-3\" style=\"width: 100%;\">\n<thead>\n<tr>\n<th style=\"width: 20%;\">\u00c9preuve<\/th>\n<th style=\"width: 15%;\">Heure<\/th>\n<th style=\"width: 25%;\">Athl\u00e8tes<\/th>\n<th style=\"width: 15%;\"><i class=\"fa fa-download\">\u00a0<\/i><\/th>\n<th style=\"width: 10%;\">Rang<\/th>\n<th style=\"width: 15%;\">R\u00e9sultats<\/th>\n<\/tr>\n<\/thead>\n<tbody>\n<tr style=\"background-color: #efefef;\">\n<td><strong>VEN, 12 JUILLET<\/strong><\/td>\n<td><\/td>\n<td><\/td>\n<td><\/td>\n<td><\/td>\n<td><\/td>\n<\/tr>\n<tr>\n<td class=\"left-column\">SOLO TECHNIQUE<br \/>\nPrelims<\/td>\n<td>11:00 local<br \/>\n22:00 HAE (11 jui)<\/td>\n<td>SIMONEAU, Jacqueline<\/td>\n<td><a href=\"http:\/\/artisticswimming.ca\/wp-content\/uploads\/2019\/07\/Start-List-Solo-Tech-Prelims.pdf\" target=\"_blank\" rel=\"noopener noreferrer\">Liste de d\u00e9part<\/a><br \/>\n#10<\/td>\n<td style=\"text-align: center;\">5\/24<\/td>\n<td><a href=\"http:\/\/artisticswimming.ca\/wp-content\/uploads\/2019\/07\/Worlds2019-Solo-Tech-Prelims.pdf\" target=\"_blank\" rel=\"noopener noreferrer\">Sommaires<\/a><br \/>\n<a href=\"http:\/\/artisticswimming.ca\/wp-content\/uploads\/2019\/07\/Solo-tech-prelims_Detailed_Results-2.pdf\" target=\"_blank\" rel=\"noopener noreferrer\">D\u00e9taill\u00e9s<\/a><\/td>\n<\/tr>\n<tr>\n<td class=\"left-column\">DUO TECHNIQUE<br \/>\nPrelims<\/td>\n<td>16:00 local<br \/>\n3:00 EDT<\/td>\n<td>HOLZNER, Claudia<br \/>\nSIMONEAU, Jacqueline<br \/>\nPRATT, Halle (R)<\/td>\n<td><a href=\"http:\/\/artisticswimming.ca\/wp-content\/uploads\/2019\/07\/Start-List-Duet-Tech-Prelims.pdf\" target=\"_blank\" rel=\"noopener noreferrer\">Liste de d\u00e9part<\/a><br \/>\n#4<\/td>\n<td style=\"text-align: center;\">6\/45<\/td>\n<td><a href=\"http:\/\/artisticswimming.ca\/wp-content\/uploads\/2019\/07\/Duet-tech-prelims_Summary-Results.pdf\" target=\"_blank\" rel=\"noopener noreferrer\">Sommaires<\/a><br \/>\n<a href=\"http:\/\/artisticswimming.ca\/wp-content\/uploads\/2019\/07\/Duet-tech-prelims_Detailed_Results.pdf\" target=\"_blank\" rel=\"noopener noreferrer\">D\u00e9taill\u00e9s<\/a><\/td>\n<\/tr>\n<tr style=\"background-color: #efefef;\">\n<td><strong>SAM, 13 JUILLET<\/strong><\/td>\n<td><\/td>\n<td><\/td>\n<td><\/td>\n<td><\/td>\n<td><\/td>\n<\/tr>\n<tr>\n<td class=\"left-column\">SOLO TECHNIQUE<br \/>\nFinale<\/td>\n<td>19:00 local<br \/>\n6:00 EDT<\/td>\n<td>SIMONEAU, Jacqueline<\/td>\n<td><a href=\"http:\/\/artisticswimming.ca\/wp-content\/uploads\/2019\/07\/Start-List-Solo-Tech-Finals.pdf\" target=\"_blank\" rel=\"noopener noreferrer\">Liste de d\u00e9part<\/a><br \/>\n#8<\/td>\n<td style=\"text-align: center;\">5\/12<\/td>\n<td><a href=\"http:\/\/artisticswimming.ca\/wp-content\/uploads\/2019\/07\/Solo-tech-final_Summary-Results.pdf\" target=\"_blank\" rel=\"noopener noreferrer\">Sommaires<\/a><br \/>\n<a href=\"http:\/\/artisticswimming.ca\/wp-content\/uploads\/2019\/07\/Solo-tech-final_Detailed_Results-2.pdf\" target=\"_blank\" rel=\"noopener noreferrer\">D\u00e9taill\u00e9s<\/a><\/td>\n<\/tr>\n<tr style=\"background-color: #efefef;\">\n<td><strong>DIM, 14 JUILLET<\/strong><\/td>\n<td><\/td>\n<td><\/td>\n<td><\/td>\n<td><\/td>\n<td><\/td>\n<\/tr>\n<tr>\n<td class=\"left-column\">\u00c9QUIPE TECHNIQUE<br \/>\nPrelims<\/td>\n<td>11:00 local<br \/>\n22:00 EDT (Jul 13)<\/td>\n<td>ARMSTRONG, Emily<br \/>\nC\u00d4T\u00c9, Andr\u00e9e-Anne<br \/>\nFIOLA-DION, Camille<br \/>\nHARROWER, Rebecca<br \/>\nHOLZNER, Claudia<br \/>\nJOLY, Audrey<br \/>\nPRATT, Halle<br \/>\nSIMONEAU, Jacqueline<br \/>\nBARRETT, Catherine (R)<br \/>\nORMOND, Sion (R)<\/td>\n<td><a href=\"http:\/\/artisticswimming.ca\/wp-content\/uploads\/2019\/07\/Start-List-Team-Tech-Prelims.pdf\" target=\"_blank\" rel=\"noopener noreferrer\">Liste de d\u00e9part<\/a><br \/>\n#1<\/td>\n<td style=\"text-align: center;\">7\/23<\/td>\n<td><a href=\"http:\/\/artisticswimming.ca\/wp-content\/uploads\/2019\/07\/Worlds2019-Team-Tech-Prelims.pdf\">Sommaires<\/a><br \/>\n<a href=\"http:\/\/artisticswimming.ca\/wp-content\/uploads\/2019\/07\/Worlds2019-Team-Tech-Prelims-Detailed.pdf\">D\u00e9taill\u00e9s<\/a><\/td>\n<\/tr>\n<tr>\n<td class=\"left-column\">DUO TECHNIQUE<br \/>\nFinale<\/td>\n<td>19:00 local<br \/>\n6:00 EDT<\/td>\n<td>HOLZNER, Claudia<br \/>\nSIMONEAU, Jacqueline<br \/>\nPRATT, Halle (R)<\/td>\n<td><a href=\"http:\/\/artisticswimming.ca\/wp-content\/uploads\/2019\/07\/Duet-tech-final-Start_List-4.pdf\" target=\"_blank\" rel=\"noopener noreferrer\">Liste de d\u00e9part<\/a><br \/>\n#12<\/td>\n<td style=\"text-align: center;\">6\/12<\/td>\n<td><a href=\"http:\/\/artisticswimming.ca\/wp-content\/uploads\/2019\/07\/Worlds2019-Duet-Tech-Finals.pdf\" target=\"_blank\" rel=\"noopener noreferrer\">Sommaires<\/a><br \/>\n<a href=\"http:\/\/artisticswimming.ca\/wp-content\/uploads\/2019\/07\/Worlds2019-Duet-Tech-Finals-Detailed.pdf\" target=\"_blank\" rel=\"noopener noreferrer\">D\u00e9tail\u00e9s<\/a><\/td>\n<\/tr>\n<tr style=\"background-color: #efefef;\">\n<td><strong>LUN, 15 JUILLET<\/strong><\/td>\n<td><\/td>\n<td><\/td>\n<td><\/td>\n<td><\/td>\n<td><\/td>\n<\/tr>\n<tr>\n<td class=\"left-column\">SOLO LIBRE<br \/>\nPrelims<\/td>\n<td>11:00 local<br \/>\n22:00 EDT (Jul 14)<\/td>\n<td>SIMONEAU, Jacqueline<\/td>\n<td><a href=\"http:\/\/artisticswimming.ca\/wp-content\/uploads\/2019\/07\/Solo-free-prelim-Start_List-5.pdf\" target=\"_blank\" rel=\"noopener noreferrer\">Liste de d\u00e9part<\/a><br \/>\n#6<\/td>\n<td style=\"text-align: center;\">5\/32<\/td>\n<td><a href=\"http:\/\/artisticswimming.ca\/wp-content\/uploads\/2019\/07\/Worlds2019-Solo-Free-Prelims.pdf\" target=\"_blank\" rel=\"noopener noreferrer\">Sommaires<\/a><br \/>\n<a href=\"http:\/\/artisticswimming.ca\/wp-content\/uploads\/2019\/07\/Worlds2019-Solo-Free-Prelims-Detailed.pdf\" target=\"_blank\" rel=\"noopener noreferrer\">D\u00e9taill\u00e9s<\/a><\/td>\n<\/tr>\n<tr>\n<td class=\"left-column\">ROUTINE ACROBATIQUE<br \/>\nFinale<\/td>\n<td>19:00 local<br \/>\n6:00 EDT<\/td>\n<td>ARMSTRONG, Emily<br \/>\nBARRETT, Catherine<br \/>\nC\u00d4T\u00c9, Andr\u00e9e-Anne<br \/>\nFIOLA-DION, Camille<br \/>\nHARROWER, Rebecca<br \/>\nHOLZNER, Claudia<br \/>\nJOLY, Audrey<br \/>\nORMOND, Sion<br \/>\nPRATT, Halle<br \/>\nSIMONEAU, Jacqueline<br \/>\nPRIDDELL, Kenzie (R)<br \/>\nWINKELAAR, Cassandra (R)<\/td>\n<td><a href=\"http:\/\/artisticswimming.ca\/wp-content\/uploads\/2019\/07\/Highlight-Start_List-6.pdf\" target=\"_blank\" rel=\"noopener noreferrer\">Liste de d\u00e9part<\/a><br \/>\n#8<\/td>\n<td style=\"text-align: center;\">4\/8<\/td>\n<td><a href=\"http:\/\/artisticswimming.ca\/wp-content\/uploads\/2019\/07\/Worlds2019-Highlight-Team.pdf\" target=\"_blank\" rel=\"noopener noreferrer\">Sommaires<\/a><br \/>\n<a href=\"http:\/\/artisticswimming.ca\/wp-content\/uploads\/2019\/07\/Worlds2019-Highlight-Team-Detailed.pdf\" target=\"_blank\" rel=\"noopener noreferrer\">D\u00e9taill\u00e9s<\/a><\/td>\n<\/tr>\n<tr style=\"background-color: #efefef;\">\n<td><strong>MAR, 16 JUILLET<\/strong><\/td>\n<td><\/td>\n<td><\/td>\n<td><\/td>\n<td><\/td>\n<td><\/td>\n<\/tr>\n<tr>\n<td class=\"left-column\">DUO LIBRE<br \/>\nPrelims<\/td>\n<td>11:00 local<br \/>\n22:00 EDT (Jul 15)<\/td>\n<td>HOLZNER, Claudia<br \/>\nSIMONEAU, Jacqueline<br \/>\nPRATT, Halle (R)<\/td>\n<td><a href=\"http:\/\/artisticswimming.ca\/wp-content\/uploads\/2019\/07\/Duet-free-prelim-Start_List-7.pdf\" target=\"_blank\" rel=\"noopener noreferrer\">Liste de d\u00e9part<\/a><br \/>\n#45<\/td>\n<td style=\"text-align: center;\">7\/46<\/td>\n<td><a href=\"http:\/\/artisticswimming.ca\/wp-content\/uploads\/2019\/07\/Worlds2019-Duet-Free-Prelims.pdf\" target=\"_blank\" rel=\"noopener noreferrer\">Sommaires<\/a><br \/>\n<a href=\"http:\/\/artisticswimming.ca\/wp-content\/uploads\/2019\/07\/Worlds2019-Duet-Free-Prelims-Detailed.pdf\" target=\"_blank\" rel=\"noopener noreferrer\">D\u00e9taill\u00e9s<\/a><\/td>\n<\/tr>\n<tr>\n<td class=\"left-column\">\u00c9QUIPE TECHNIQUE<br \/>\nFinale<\/td>\n<td>19:00 local<br \/>\n6:00 EDT<\/td>\n<td>ARMSTRONG, Emily<br \/>\nC\u00d4T\u00c9, Andr\u00e9e-Anne<br \/>\nFIOLA-DION, Camille<br \/>\nHARROWER, Rebecca<br \/>\nHOLZNER, Claudia<br \/>\nJOLY, Audrey<br \/>\nPRATT, Halle<br \/>\nSIMONEAU, Jacqueline<br \/>\nBARRETT, Catherine (R)<br \/>\nORMOND, Sion (R)<\/td>\n<td><a href=\"http:\/\/artisticswimming.ca\/wp-content\/uploads\/2019\/07\/Start-List-Team-Tech-Finals.pdf\">Liste de d\u00e9part<\/a><br \/>\n#3<\/td>\n<td style=\"text-align: center;\">7\/12<\/td>\n<td><a href=\"http:\/\/artisticswimming.ca\/wp-content\/uploads\/2019\/07\/Worlds2019-Team-Tech-Finals.pdf\" target=\"_blank\" rel=\"noopener noreferrer\">Sommaires<\/a><br \/>\n<a href=\"http:\/\/artisticswimming.ca\/wp-content\/uploads\/2019\/07\/Worlds2019-Team-Tech-Finals-Detailed.pdf\" target=\"_blank\" rel=\"noopener noreferrer\">D\u00e9taill\u00e9s<\/a><\/td>\n<\/tr>\n<tr style=\"background-color: #efefef;\">\n<td><strong>MER, 17 JUILLET<\/strong><\/td>\n<td><\/td>\n<td><\/td>\n<td><\/td>\n<td><\/td>\n<td><\/td>\n<\/tr>\n<tr>\n<td class=\"left-column\">\u00c9QUIPE LIBRE<br \/>\nPrelims<\/td>\n<td>11:00 local<br \/>\n22:00 EDT (Jul 16)<\/td>\n<td>ARMSTRONG, Emily<br \/>\nC\u00d4T\u00c9, Andr\u00e9e-Anne<br \/>\nFIOLA-DION, Camille<br \/>\nHARROWER, Rebecca<br \/>\nHOLZNER, Claudia<br \/>\nJOLY, Audrey<br \/>\nPRATT, Halle<br \/>\nSIMONEAU, Jacqueline<br \/>\nBARRETT, Catherine (R)<br \/>\nPRIDDELL, Kenzie (R)<\/td>\n<td><a href=\"http:\/\/artisticswimming.ca\/wp-content\/uploads\/2019\/07\/Team-free-prelim-Start_List-8.pdf\" target=\"_blank\" rel=\"noopener noreferrer\">Liste de d\u00e9part<\/a><br \/>\n#16<\/td>\n<td style=\"text-align: center;\">7\/27<\/td>\n<td><a href=\"http:\/\/artisticswimming.ca\/wp-content\/uploads\/2019\/07\/Worlds2019-Team-Free-Prelims.pdf\" target=\"_blank\" rel=\"noopener noreferrer\">Sommaires<\/a><br \/>\n<a href=\"http:\/\/artisticswimming.ca\/wp-content\/uploads\/2019\/07\/Worlds2019-Team-Free-Prelims-Detailed.pdf\" target=\"_blank\" rel=\"noopener noreferrer\">D\u00e9taill\u00e9s<\/a><\/td>\n<\/tr>\n<tr>\n<td class=\"left-column\">SOLO LIBRE<br \/>\nFinale<\/td>\n<td>19:00 local<br \/>\n6:00 EDT<\/td>\n<td>SIMONEAU, Jacqueline<\/td>\n<td><a href=\"http:\/\/artisticswimming.ca\/wp-content\/uploads\/2019\/07\/Start-List-Solo-Free-Finals.pdf\" target=\"_blank\" rel=\"noopener noreferrer\">Liste de d\u00e9part<\/a><br \/>\n#11<\/td>\n<td style=\"text-align: center;\">5\/12<\/td>\n<td><a href=\"http:\/\/artisticswimming.ca\/wp-content\/uploads\/2019\/07\/Worlds2019-Solo-Free-Finales.pdf\" target=\"_blank\" rel=\"noopener noreferrer\">Sommaires<\/a><br \/>\n<a href=\"http:\/\/artisticswimming.ca\/wp-content\/uploads\/2019\/07\/Worlds2019-Solo-Free-Finals-Detailed.pdf\" target=\"_blank\" rel=\"noopener noreferrer\">D\u00e9taill\u00e9s<\/a><\/td>\n<\/tr>\n<tr style=\"background-color: #efefef;\">\n<td><strong>JEU, 18 JUILLET<\/strong><\/td>\n<td><\/td>\n<td><\/td>\n<td><\/td>\n<td><\/td>\n<td><\/td>\n<\/tr>\n<tr>\n<td class=\"left-column\">DUO LIBRE<br \/>\nFinale<\/td>\n<td>19:00 local<br \/>\n6:00 EDT<\/td>\n<td>HOLZNER, Claudia<br \/>\nSIMONEAU, Jacqueline<br \/>\nPRATT, Halle (R)<\/td>\n<td><a href=\"http:\/\/artisticswimming.ca\/wp-content\/uploads\/2019\/07\/Start-List-Duet-Free-Finals.pdf\" target=\"_blank\" rel=\"noopener noreferrer\">Liste de d\u00e9part<\/a><br \/>\n#4<\/td>\n<td style=\"text-align: center;\">7\/12<\/td>\n<td><a href=\"http:\/\/artisticswimming.ca\/wp-content\/uploads\/2019\/07\/Worlds2019-Duet-Free-Finald.pdf\" target=\"_blank\" rel=\"noopener noreferrer\">Sommaires<\/a><br \/>\n<a href=\"http:\/\/artisticswimming.ca\/wp-content\/uploads\/2019\/07\/Worlds2019-Duet-Free-Finals-Detailed.pdf\" target=\"_blank\" rel=\"noopener noreferrer\">D\u00e9taill\u00e9s<\/a><\/td>\n<\/tr>\n<tr style=\"background-color: #efefef;\">\n<td><strong>VEN, 19 JUILLET<\/strong><\/td>\n<td><\/td>\n<td><\/td>\n<td><\/td>\n<td><\/td>\n<td><\/td>\n<\/tr>\n<tr>\n<td class=\"left-column\">\u00c9QUIPE LIBRE<br \/>\nFinale<\/td>\n<td>19:00 local<br \/>\n6:00 EDT<\/td>\n<td>ARMSTRONG, Emily<br \/>\nC\u00d4T\u00c9, Andr\u00e9e-Anne<br \/>\nFIOLA-DION, Camille<br \/>\nHARROWER, Rebecca<br \/>\nHOLZNER, Claudia<br \/>\nJOLY, Audrey<br \/>\nPRATT, Halle<br \/>\nSIMONEAU, Jacqueline<br \/>\nBARRETT, Catherine (R)<br \/>\nPRIDDELL, Kenzie (R)<\/td>\n<td><a href=\"http:\/\/artisticswimming.ca\/wp-content\/uploads\/2019\/07\/Start-List-Team-Free-Finals.pdf\" target=\"_blank\" rel=\"noopener noreferrer\">Liste de d\u00e9part<\/a><br \/>\n#2<\/td>\n<td style=\"text-align: center;\">\/12<\/td>\n<td>Sommaires<br \/>\nD\u00e9taill\u00e9s<\/td>\n<\/tr>\n<\/tbody>\n<\/table>\n<p>&nbsp;<\/p>\n","protected":false},"excerpt":{"rendered":"<p>\u00c9preuve Heure Athl\u00e8tes \u00a0 Rang R\u00e9sultats VEN, 12 JUILLET SOLO TECHNIQUE Prelims 11:00 local 22:00 HAE (11 jui) SIMONEAU, Jacqueline Liste de d\u00e9part #10 5\/24 Sommaires D\u00e9taill\u00e9s DUO TECHNIQUE Prelims 16:00 local 3:00 EDT HOLZNER, Claudia SIMONEAU, Jacqueline PRATT, Halle (R) <a href=\"https:\/\/artisticswimming.ca\/fr\/event\/2019-fina-world-championships\/\"> [&#8230;]<\/a><\/p>\n","protected":false},"author":2,"featured_media":7429,"template":"","meta":{"_acf_changed":false,"_tribe_events_status":"","_tribe_events_status_reason":"","footnotes":""},"tags":[],"tribe_events_cat":[],"class_list":["post-7427","tribe_events","type-tribe_events","status-publish","has-post-thumbnail","hentry"],"acf":[],"yoast_head":"<!-- This site is optimized with the Yoast SEO plugin v27.2 - https:\/\/yoast.com\/product\/yoast-seo-wordpress\/ -->\n<title>CHAMPIONNATS DU MONDE FINA 2019 - Natation Artistique Canada<\/title>\n<meta name=\"robots\" content=\"index, follow, max-snippet:-1, max-image-preview:large, max-video-preview:-1\" \/>\n<link rel=\"canonical\" href=\"https:\/\/artisticswimming.ca\/fr\/event\/2019-fina-world-championships\/\" \/>\n<meta property=\"og:locale\" content=\"fr_FR\" \/>\n<meta property=\"og:type\" content=\"article\" \/>\n<meta property=\"og:title\" content=\"CHAMPIONNATS DU MONDE FINA 2019 - Natation Artistique Canada\" \/>\n<meta property=\"og:description\" content=\"\u00c9preuve Heure Athl\u00e8tes \u00a0 Rang R\u00e9sultats VEN, 12 JUILLET SOLO TECHNIQUE Prelims 11:00 local 22:00 HAE (11 jui) SIMONEAU, Jacqueline Liste de d\u00e9part #10 5\/24 Sommaires D\u00e9taill\u00e9s DUO TECHNIQUE Prelims 16:00 local 3:00 EDT HOLZNER, Claudia SIMONEAU, Jacqueline PRATT, Halle (R) [...]\" \/>\n<meta property=\"og:url\" content=\"https:\/\/artisticswimming.ca\/fr\/event\/2019-fina-world-championships\/\" \/>\n<meta property=\"og:site_name\" content=\"Natation Artistique Canada\" \/>\n<meta property=\"article:modified_time\" content=\"2019-07-19T00:31:35+00:00\" \/>\n<meta property=\"og:image\" content=\"https:\/\/artisticswimming.ca\/wp-content\/uploads\/2019\/07\/2019-FINA-Worlds-single-event-logo.jpg\" \/>\n\t<meta property=\"og:image:width\" content=\"1328\" \/>\n\t<meta property=\"og:image:height\" content=\"660\" \/>\n\t<meta property=\"og:image:type\" content=\"image\/jpeg\" \/>\n<meta name=\"twitter:card\" content=\"summary_large_image\" \/>\n<meta name=\"twitter:label1\" content=\"Dur\u00e9e de lecture estim\u00e9e\" \/>\n\t<meta name=\"twitter:data1\" content=\"2 minutes\" \/>\n<script type=\"application\/ld+json\" class=\"yoast-schema-graph\">{\"@context\":\"https:\/\/schema.org\",\"@graph\":[{\"@type\":\"WebPage\",\"@id\":\"https:\/\/artisticswimming.ca\/fr\/event\/2019-fina-world-championships\/\",\"url\":\"https:\/\/artisticswimming.ca\/fr\/event\/2019-fina-world-championships\/\",\"name\":\"CHAMPIONNATS DU MONDE FINA 2019 - Natation Artistique Canada\",\"isPartOf\":{\"@id\":\"https:\/\/artisticswimming.ca\/fr\/#website\"},\"primaryImageOfPage\":{\"@id\":\"https:\/\/artisticswimming.ca\/fr\/event\/2019-fina-world-championships\/#primaryimage\"},\"image\":{\"@id\":\"https:\/\/artisticswimming.ca\/fr\/event\/2019-fina-world-championships\/#primaryimage\"},\"thumbnailUrl\":\"https:\/\/artisticswimming.ca\/wp-content\/uploads\/2019\/07\/2019-FINA-Worlds-single-event-logo.jpg\",\"datePublished\":\"2019-07-12T03:21:42+00:00\",\"dateModified\":\"2019-07-19T00:31:35+00:00\",\"breadcrumb\":{\"@id\":\"https:\/\/artisticswimming.ca\/fr\/event\/2019-fina-world-championships\/#breadcrumb\"},\"inLanguage\":\"fr-FR\",\"potentialAction\":[{\"@type\":\"ReadAction\",\"target\":[\"https:\/\/artisticswimming.ca\/fr\/event\/2019-fina-world-championships\/\"]}]},{\"@type\":\"ImageObject\",\"inLanguage\":\"fr-FR\",\"@id\":\"https:\/\/artisticswimming.ca\/fr\/event\/2019-fina-world-championships\/#primaryimage\",\"url\":\"https:\/\/artisticswimming.ca\/wp-content\/uploads\/2019\/07\/2019-FINA-Worlds-single-event-logo.jpg\",\"contentUrl\":\"https:\/\/artisticswimming.ca\/wp-content\/uploads\/2019\/07\/2019-FINA-Worlds-single-event-logo.jpg\",\"width\":1328,\"height\":660},{\"@type\":\"BreadcrumbList\",\"@id\":\"https:\/\/artisticswimming.ca\/fr\/event\/2019-fina-world-championships\/#breadcrumb\",\"itemListElement\":[{\"@type\":\"ListItem\",\"position\":1,\"name\":\"Home\",\"item\":\"https:\/\/artisticswimming.ca\/fr\/\"},{\"@type\":\"ListItem\",\"position\":2,\"name\":\"\u00c9v\u00e8nements\",\"item\":\"https:\/\/artisticswimming.ca\/fr\/events\/\"},{\"@type\":\"ListItem\",\"position\":3,\"name\":\"CHAMPIONNATS DU MONDE FINA 2019\"}]},{\"@type\":\"WebSite\",\"@id\":\"https:\/\/artisticswimming.ca\/fr\/#website\",\"url\":\"https:\/\/artisticswimming.ca\/fr\/\",\"name\":\"Natation Artistique Canada\",\"description\":\"\",\"potentialAction\":[{\"@type\":\"SearchAction\",\"target\":{\"@type\":\"EntryPoint\",\"urlTemplate\":\"https:\/\/artisticswimming.ca\/fr\/?s={search_term_string}\"},\"query-input\":{\"@type\":\"PropertyValueSpecification\",\"valueRequired\":true,\"valueName\":\"search_term_string\"}}],\"inLanguage\":\"fr-FR\"}]}<\/script>\n<!-- \/ Yoast SEO plugin. -->","yoast_head_json":{"title":"CHAMPIONNATS DU MONDE FINA 2019 - Natation Artistique Canada","robots":{"index":"index","follow":"follow","max-snippet":"max-snippet:-1","max-image-preview":"max-image-preview:large","max-video-preview":"max-video-preview:-1"},"canonical":"https:\/\/artisticswimming.ca\/fr\/event\/2019-fina-world-championships\/","og_locale":"fr_FR","og_type":"article","og_title":"CHAMPIONNATS DU MONDE FINA 2019 - Natation Artistique Canada","og_description":"\u00c9preuve Heure Athl\u00e8tes \u00a0 Rang R\u00e9sultats VEN, 12 JUILLET SOLO TECHNIQUE Prelims 11:00 local 22:00 HAE (11 jui) SIMONEAU, Jacqueline Liste de d\u00e9part #10 5\/24 Sommaires D\u00e9taill\u00e9s DUO TECHNIQUE Prelims 16:00 local 3:00 EDT HOLZNER, Claudia SIMONEAU, Jacqueline PRATT, Halle (R) [...]","og_url":"https:\/\/artisticswimming.ca\/fr\/event\/2019-fina-world-championships\/","og_site_name":"Natation Artistique Canada","article_modified_time":"2019-07-19T00:31:35+00:00","og_image":[{"width":1328,"height":660,"url":"https:\/\/artisticswimming.ca\/wp-content\/uploads\/2019\/07\/2019-FINA-Worlds-single-event-logo.jpg","type":"image\/jpeg"}],"twitter_card":"summary_large_image","twitter_misc":{"Dur\u00e9e de lecture estim\u00e9e":"2 minutes"},"schema":{"@context":"https:\/\/schema.org","@graph":[{"@type":"WebPage","@id":"https:\/\/artisticswimming.ca\/fr\/event\/2019-fina-world-championships\/","url":"https:\/\/artisticswimming.ca\/fr\/event\/2019-fina-world-championships\/","name":"CHAMPIONNATS DU MONDE FINA 2019 - Natation Artistique Canada","isPartOf":{"@id":"https:\/\/artisticswimming.ca\/fr\/#website"},"primaryImageOfPage":{"@id":"https:\/\/artisticswimming.ca\/fr\/event\/2019-fina-world-championships\/#primaryimage"},"image":{"@id":"https:\/\/artisticswimming.ca\/fr\/event\/2019-fina-world-championships\/#primaryimage"},"thumbnailUrl":"https:\/\/artisticswimming.ca\/wp-content\/uploads\/2019\/07\/2019-FINA-Worlds-single-event-logo.jpg","datePublished":"2019-07-12T03:21:42+00:00","dateModified":"2019-07-19T00:31:35+00:00","breadcrumb":{"@id":"https:\/\/artisticswimming.ca\/fr\/event\/2019-fina-world-championships\/#breadcrumb"},"inLanguage":"fr-FR","potentialAction":[{"@type":"ReadAction","target":["https:\/\/artisticswimming.ca\/fr\/event\/2019-fina-world-championships\/"]}]},{"@type":"ImageObject","inLanguage":"fr-FR","@id":"https:\/\/artisticswimming.ca\/fr\/event\/2019-fina-world-championships\/#primaryimage","url":"https:\/\/artisticswimming.ca\/wp-content\/uploads\/2019\/07\/2019-FINA-Worlds-single-event-logo.jpg","contentUrl":"https:\/\/artisticswimming.ca\/wp-content\/uploads\/2019\/07\/2019-FINA-Worlds-single-event-logo.jpg","width":1328,"height":660},{"@type":"BreadcrumbList","@id":"https:\/\/artisticswimming.ca\/fr\/event\/2019-fina-world-championships\/#breadcrumb","itemListElement":[{"@type":"ListItem","position":1,"name":"Home","item":"https:\/\/artisticswimming.ca\/fr\/"},{"@type":"ListItem","position":2,"name":"\u00c9v\u00e8nements","item":"https:\/\/artisticswimming.ca\/fr\/events\/"},{"@type":"ListItem","position":3,"name":"CHAMPIONNATS DU MONDE FINA 2019"}]},{"@type":"WebSite","@id":"https:\/\/artisticswimming.ca\/fr\/#website","url":"https:\/\/artisticswimming.ca\/fr\/","name":"Natation Artistique Canada","description":"","potentialAction":[{"@type":"SearchAction","target":{"@type":"EntryPoint","urlTemplate":"https:\/\/artisticswimming.ca\/fr\/?s={search_term_string}"},"query-input":{"@type":"PropertyValueSpecification","valueRequired":true,"valueName":"search_term_string"}}],"inLanguage":"fr-FR"}]}},"_links":{"self":[{"href":"https:\/\/artisticswimming.ca\/fr\/wp-json\/wp\/v2\/tribe_events\/7427","targetHints":{"allow":["GET"]}}],"collection":[{"href":"https:\/\/artisticswimming.ca\/fr\/wp-json\/wp\/v2\/tribe_events"}],"about":[{"href":"https:\/\/artisticswimming.ca\/fr\/wp-json\/wp\/v2\/types\/tribe_events"}],"author":[{"embeddable":true,"href":"https:\/\/artisticswimming.ca\/fr\/wp-json\/wp\/v2\/users\/2"}],"version-history":[{"count":0,"href":"https:\/\/artisticswimming.ca\/fr\/wp-json\/wp\/v2\/tribe_events\/7427\/revisions"}],"wp:featuredmedia":[{"embeddable":true,"href":"https:\/\/artisticswimming.ca\/fr\/wp-json\/wp\/v2\/media\/7429"}],"wp:attachment":[{"href":"https:\/\/artisticswimming.ca\/fr\/wp-json\/wp\/v2\/media?parent=7427"}],"wp:term":[{"taxonomy":"post_tag","embeddable":true,"href":"https:\/\/artisticswimming.ca\/fr\/wp-json\/wp\/v2\/tags?post=7427"},{"taxonomy":"tribe_events_cat","embeddable":true,"href":"https:\/\/artisticswimming.ca\/fr\/wp-json\/wp\/v2\/tribe_events_cat?post=7427"}],"curies":[{"name":"wp","href":"https:\/\/api.w.org\/{rel}","templated":true}]}}